{"id":166,"date":"2023-08-01T08:41:55","date_gmt":"2023-08-01T08:41:55","guid":{"rendered":"https:\/\/gestioentitats.cat\/?page_id=166"},"modified":"2025-06-18T09:55:57","modified_gmt":"2025-06-18T09:55:57","slug":"terminos-y-condiciones-de-uso","status":"publish","type":"page","link":"https:\/\/gestioentitats.cat\/es\/terminos-y-condiciones-de-uso\/","title":{"rendered":"Terminos y condiciones de uso"},"content":{"rendered":"<h3 class=\"wp-block-heading\">1. <strong>T\u00e9rminos y Condiciones de Uso<\/strong><\/h3>\n\n\n\n<p>Estos T\u00e9rminos y Condiciones de Uso regulan las normas que rigen la utilizaci\u00f3n de la APP <strong>GESTI\u00d3 D\u2019ENTITATS<\/strong> (en adelante, la APP), accesible desde el dominio <strong>admin.gestioentitats.cat<\/strong>.<br>La APP es titularidad de <strong>SOFTOVI, S.L.<\/strong>, con CIF <strong>B02642809<\/strong>, domicilio en <strong>Sant Joan Baptista, 56-58 Bajos 2, Igualada (Barcelona)<\/strong>, e inscrita en el Registro Mercantil de Barcelona, al folio 151, tomo 47.493, hoja B-553.591.<\/p>\n\n\n\n<p>El registro para el uso de la APP atribuye la condici\u00f3n de <strong>usuario<\/strong> a la asociaci\u00f3n o empresa que lo realice, e implica la aceptaci\u00f3n de todas las condiciones incluidas en este documento, as\u00ed como en la <strong>Pol\u00edtica de Privacidad<\/strong> y el <strong>Aviso Legal<\/strong> de esta p\u00e1gina web.<br>El usuario debe leer estas condiciones cada vez que utilice la APP, ya que podr\u00edan ser modificadas en el futuro.<\/p>\n\n\n\n<p><strong>GESTI\u00d3 D\u2019ENTITATS<\/strong> es una plataforma web que permite a asociaciones y empresas gestionar internamente su actividad (cobros, altas, bajas, organizaci\u00f3n de eventos, env\u00edo de correos electr\u00f3nicos a los socios y generaci\u00f3n de informes y listados de inter\u00e9s).<\/p>\n\n\n\n<h3 class=\"wp-block-heading\">2. <strong>Usuarios autorizados<\/strong><\/h3>\n\n\n\n<p>Los <strong>usuarios<\/strong> podr\u00e1n acceder a la APP registr\u00e1ndose y proporcionando la informaci\u00f3n necesaria para ello.<\/p>\n\n\n\n<p>El registro puede realizarse mediante una direcci\u00f3n de correo electr\u00f3nico y una contrase\u00f1a, o mediante autenticaci\u00f3n a trav\u00e9s de un servicio de terceros (Google OAuth 2.0), siendo el usuario plenamente responsable del uso y custodia de dichos accesos, as\u00ed como de la veracidad de los datos personales facilitados a la APP.<\/p>\n\n\n\n<p>Los datos personales de los usuarios ser\u00e1n tratados de acuerdo con lo establecido en la <strong>Pol\u00edtica de Privacidad<\/strong> y en la pol\u00edtica de cookies disponible en el sitio web.<\/p>\n\n\n\n<hr class=\"wp-block-separator has-alpha-channel-opacity\"\/>\n\n\n\n<h3 class=\"wp-block-heading\">3. <strong>Cargos<\/strong><\/h3>\n\n\n\n<p>Eres responsable del pago de todos los costes o gastos en los que incurras como resultado de descargar y utilizar la APP, incluidos los posibles cargos de red del operador o de itinerancia. Consulta con tu proveedor de servicios para obtener m\u00e1s detalles al respecto.<\/p>\n\n\n\n<h3 class=\"wp-block-heading\">4. <strong>Estad\u00edsticas an\u00f3nimas<\/strong><\/h3>\n\n\n\n<p><strong>SOFTOVI, S.L.<\/strong> se reserva el derecho a hacer un seguimiento de tu actividad en la Aplicaci\u00f3n y a informar de ello a nuestros proveedores de servicios estad\u00edsticos de terceros, todo ello <strong>de forma an\u00f3nima<\/strong>.<\/p>\n\n\n\n<h3 class=\"wp-block-heading\">5. <strong>Protecci\u00f3n de los datos personales<\/strong><\/h3>\n\n\n\n<p>Queremos ayudarte a llevar a cabo todos los pasos necesarios para proteger tu privacidad y tu informaci\u00f3n. Consulta nuestra <strong>Pol\u00edtica de Privacidad<\/strong> para conocer qu\u00e9 tipo de informaci\u00f3n recopilamos y qu\u00e9 medidas tomamos para proteger tu informaci\u00f3n personal.<\/p>\n\n\n\n<p>Para acceder a los servicios, el usuario deber\u00e1 registrarse en la APP mediante un formulario de recogida de datos en el que proporcione la informaci\u00f3n necesaria para su uso. Estos datos deber\u00e1n ser veraces, exactos y completos respecto a su identidad, y los usuarios deber\u00e1n consentir expresamente su tratamiento mediante la aceptaci\u00f3n de la Pol\u00edtica de Privacidad de la APP.<\/p>\n\n\n\n<p><strong>SOFTOVI, S.L.<\/strong> actuar\u00e1 como <strong>Encargado del Tratamiento<\/strong> en relaci\u00f3n con los datos de los usuarios contenidos en la APP. Esta relaci\u00f3n estar\u00e1 regulada conforme a lo dispuesto en la normativa vigente en materia de protecci\u00f3n de datos personales. El usuario, como <strong>Responsable del Tratamiento<\/strong>, autoriza a SOFTOVI, S.L. como Encargado para tratar datos personales del usuario (datos identificativos como raz\u00f3n social, datos de contacto, direcci\u00f3n, NIF y datos financieros), as\u00ed como los de sus asociados (nombre y apellidos, email, DNI, tel\u00e9fono \u2013opcional\u2013, direcci\u00f3n \u2013opcional\u2013, cuenta bancaria \u2013opcional\u2013, imagen \u2013opcional\u2013), que resulten necesarios para el correcto desarrollo del objeto descrito en los presentes t\u00e9rminos y condiciones.<\/p>\n\n\n\n<p>Este tratamiento podr\u00e1 consistir, entre otros, en la recogida, conservaci\u00f3n, an\u00e1lisis, almacenamiento, comunicaci\u00f3n, y, en su caso, supresi\u00f3n, cancelaci\u00f3n, rectificaci\u00f3n, portabilidad, as\u00ed como la limitaci\u00f3n del tratamiento que realiza en nombre del Responsable.<\/p>\n\n\n\n<p>El Responsable y el Encargado del Tratamiento se comprometen mutuamente a mantener disponible toda la informaci\u00f3n y documentaci\u00f3n necesaria sobre el tratamiento de los datos y el cumplimiento de sus respectivas obligaciones bajo el RGPD. Asimismo, el Responsable se compromete a:<\/p>\n\n\n\n<ul class=\"wp-block-list\">\n<li>(i) comunicar al Encargado los requisitos del RGPD si \u00e9ste los desconoce por estar fuera de la UE;<\/li>\n\n\n\n<li>(ii) velar en todo momento por el cumplimiento de la normativa;<\/li>\n\n\n\n<li>(iii) realizar evaluaciones de impacto o consultas previas si fueran necesarias;<\/li>\n\n\n\n<li>(iv) ejercer el deber de informaci\u00f3n frente a los asociados.<\/li>\n<\/ul>\n\n\n\n<p>El Encargado del Tratamiento se obliga a:<\/p>\n\n\n\n<ul class=\"wp-block-list\">\n<li>(i) utilizar los datos \u00fanicamente para la finalidad objeto de este encargo;<\/li>\n\n\n\n<li>(ii) tratarlos conforme a las instrucciones del Responsable, con la debida diligencia, y garantizar medidas de seguridad adecuadas;<\/li>\n\n\n\n<li>(iii) informar al Responsable de cualquier brecha o vulneraci\u00f3n de la seguridad;<\/li>\n\n\n\n<li>(iv) llevar por escrito un Registro de Actividades de Tratamiento;<\/li>\n\n\n\n<li>(v) no comunicar los datos a terceros sin autorizaci\u00f3n expresa del Responsable, salvo requerimiento legal;<\/li>\n\n\n\n<li>(vi) trasladar al Responsable, dentro de los plazos establecidos, cualquier solicitud de ejercicio de derechos de los interesados (acceso, rectificaci\u00f3n, supresi\u00f3n, oposici\u00f3n, limitaci\u00f3n del tratamiento, portabilidad, y no ser objeto de decisiones automatizadas);<\/li>\n\n\n\n<li>(vii) no subcontratar ninguna prestaci\u00f3n que implique tratamiento de datos personales sin autorizaci\u00f3n previa. Si fuera necesario subcontratar, deber\u00e1 informarse al Responsable con un mes de antelaci\u00f3n, indicando el tratamiento, los datos de la empresa subcontratista y sus datos de contacto. Se entender\u00e1 autorizada la subcontrataci\u00f3n si el Responsable no se opone en el plazo indicado;<\/li>\n\n\n\n<li>(viii) mantener el deber de confidencialidad incluso despu\u00e9s de finalizado el encargo;<\/li>\n\n\n\n<li>(ix) aplicar medidas t\u00e9cnicas y organizativas adecuadas conforme al art\u00edculo 32 del RGPD para garantizar la seguridad de los datos.<\/li>\n<\/ul>\n\n\n\n<p>En caso de que el Encargado o alguno de sus subcontratistas incumpla estas cl\u00e1usulas o la normativa aplicable, asumir\u00e1 la condici\u00f3n de Responsable del Tratamiento y todas las responsabilidades directas e indirectas que ello conlleve para el Responsable original.<\/p>\n\n\n\n<p>Una vez finalizada la relaci\u00f3n, el Encargado deber\u00e1 <strong>suprimir<\/strong> del sistema de almacenamiento y de sus bases de datos todos los datos personales obtenidos durante la prestaci\u00f3n de los servicios, salvo que exista una obligaci\u00f3n legal que justifique su conservaci\u00f3n.<\/p>\n\n\n\n<h3 class=\"wp-block-heading\">6. <strong>Alteraciones del contenido<\/strong><\/h3>\n\n\n\n<p>Est\u00e1 prohibido alterar o modificar cualquier parte de la APP o de sus contenidos, eludir, desactivar o manipular de cualquier forma (o intentar hacerlo) las funciones de seguridad u otras funcionalidades del programa, as\u00ed como utilizar la APP o sus contenidos con fines comerciales o publicitarios.<\/p>\n\n\n\n<p>Tambi\u00e9n queda prohibido el uso de la APP con la finalidad de da\u00f1ar bienes, derechos o intereses de <strong>SOFTOVI, S.L.<\/strong> o de terceros.<br>Igualmente, est\u00e1 prohibido cualquier otro uso que altere, da\u00f1e o inutilice las redes, servidores, equipos, productos y programas inform\u00e1ticos de <strong>SOFTOVI, S.L.<\/strong> o de terceros.<\/p>\n\n\n\n<hr class=\"wp-block-separator has-alpha-channel-opacity\"\/>\n\n\n\n<h3 class=\"wp-block-heading\">7. <strong>Propiedad intelectual e industrial<\/strong><\/h3>\n\n\n\n<p>La APP y sus contenidos (textos, fotograf\u00edas, gr\u00e1ficos, im\u00e1genes, tecnolog\u00eda, software, enlaces, contenidos, dise\u00f1o gr\u00e1fico, c\u00f3digo fuente, etc.), as\u00ed como las marcas y otros signos distintivos, son propiedad de <strong>SOFTOVI, S.L.<\/strong>, y el usuario no adquiere ning\u00fan derecho sobre ellos por el mero uso de la APP.<\/p>\n\n\n\n<p>El usuario deber\u00e1 abstenerse de:<\/p>\n\n\n\n<ul class=\"wp-block-list\">\n<li>Reproducir, copiar, distribuir, poner a disposici\u00f3n de terceros, comunicar p\u00fablicamente, transformar o modificar la APP o sus contenidos, salvo en los casos previstos por la ley o expresamente autorizados por <strong>SOFTOVI, S.L.<\/strong> o el titular de los derechos correspondientes.<\/li>\n\n\n\n<li>Reproducir o copiar para uso privado la APP o sus contenidos, as\u00ed como comunicarlos p\u00fablicamente o ponerlos a disposici\u00f3n de terceros cuando ello implique su reproducci\u00f3n.<\/li>\n\n\n\n<li>Extraer o reutilizar todo o parte sustancial de los contenidos integrados en la APP.<\/li>\n<\/ul>\n\n\n\n<h3 class=\"wp-block-heading\"><strong>8. Licencia de uso<\/strong><\/h3>\n\n\n\n<p>Con sujeci\u00f3n a las condiciones establecidas en el apartado anterior, <strong>SOFTOVI, S.L.<\/strong> concede al Usuario una licencia de uso de la APP, no exclusiva, gratuita, para uso personal, circunscrita al territorio nacional y con car\u00e1cter indefinido.<br>Esta licencia tambi\u00e9n se concede en los mismos t\u00e9rminos respecto a las actualizaciones y mejoras que se realicen en la aplicaci\u00f3n.<br>Dicha licencia podr\u00e1 ser revocada unilateralmente por <strong>SOFTOVI, S.L.<\/strong> en cualquier momento, mediante simple notificaci\u00f3n al Usuario.<\/p>\n\n\n\n<p>El prestador es el \u00fanico propietario del software de la aplicaci\u00f3n.<br>Esta licencia consiste \u00fanicamente en una cesi\u00f3n de uso no exclusiva, que habilita el uso de la aplicaci\u00f3n sin limitaci\u00f3n territorial, con una duraci\u00f3n indefinida mientras ninguna de las partes decida revocar los derechos, y que \u00fanicamente permite el uso y la ejecuci\u00f3n de la aplicaci\u00f3n de forma online y exclusivamente a trav\u00e9s del sitio web (estas condiciones pueden variar en funci\u00f3n de las caracter\u00edsticas concretas de la aplicaci\u00f3n online).<\/p>\n\n\n\n<p>En ning\u00fan caso el prestador otorga derechos de propiedad sobre el software, sino que cede el derecho de uso del mismo en las condiciones descritas en esta licencia, no entendi\u00e9ndose en ning\u00fan caso que se habilite para su reproducci\u00f3n y difusi\u00f3n p\u00fablica, cesi\u00f3n, venta, alquiler o pr\u00e9stamo, comprometi\u00e9ndose el Usuario a no ceder su uso, total ni parcial, de ninguna forma, as\u00ed como a no divulgarlo, publicarlo ni ponerlo de ninguna otra manera a disposici\u00f3n de terceros.<\/p>\n\n\n\n<p>A t\u00edtulo enunciativo pero no limitativo, todos los logotipos, nombres comerciales, contenidos sonoros, audiovisuales, se\u00f1ales y signos incluidos en la aplicaci\u00f3n est\u00e1n protegidos por los derechos de propiedad intelectual e industrial de sus respectivos titulares, por lo que queda terminantemente prohibido que el usuario del software descompile, reproduzca, copie, modifique o manipule de cualquier otra forma cualquiera de los contenidos de la aplicaci\u00f3n, total o parcialmente, as\u00ed como modificarla, ya sea en su apariencia externa o en su funcionamiento operativo.<\/p>\n\n\n\n<h3 class=\"wp-block-heading\"><strong>9. Virus y software malicioso<\/strong><\/h3>\n\n\n\n<p>Corresponde al Usuario, en todo caso, disponer de herramientas adecuadas para la detecci\u00f3n y desinfecci\u00f3n de programas maliciosos o cualquier otro elemento inform\u00e1tico da\u00f1ino. <strong>SOFTOVI, S.L.<\/strong> no se responsabiliza de los da\u00f1os producidos a equipos inform\u00e1ticos durante el uso de la APP.<br>Asimismo, <strong>SOFTOVI, S.L.<\/strong> no ser\u00e1 responsable de los da\u00f1os ocasionados a los Usuarios cuando dichos da\u00f1os tengan su origen en fallos o desconexiones en las redes de telecomunicaciones que interrumpan el servicio.<\/p>\n\n\n\n<hr class=\"wp-block-separator has-alpha-channel-opacity\"\/>\n\n\n\n<h3 class=\"wp-block-heading\">10. <strong>Modificaci\u00f3n de las condiciones de uso<\/strong><\/h3>\n\n\n\n<p><strong>IMPORTANTE:<\/strong> Podemos, sin que esto suponga ninguna obligaci\u00f3n contigo, modificar estas Condiciones de Uso sin previo aviso y en cualquier momento.<br>Si contin\u00faas utilizando la aplicaci\u00f3n despu\u00e9s de cualquier modificaci\u00f3n de estas Condiciones de Uso, ese uso continuado constituir\u00e1 tu aceptaci\u00f3n de dichas modificaciones.<br>Si no aceptas estas Condiciones de Uso ni te comprometes a cumplirlas, no debes utilizar la aplicaci\u00f3n ni descargar o utilizar ning\u00fan software relacionado.<\/p>\n\n\n\n<p>El uso que haces de la aplicaci\u00f3n es bajo tu \u00fanica responsabilidad.<br>No asumimos ninguna responsabilidad por la eliminaci\u00f3n o la imposibilidad de almacenar o transmitir cualquier contenido u otra informaci\u00f3n mantenida o transmitida por la aplicaci\u00f3n.<br>No somos responsables de la precisi\u00f3n o fiabilidad de cualquier informaci\u00f3n o consejo transmitido a trav\u00e9s de la aplicaci\u00f3n.<br>Podemos, en cualquier momento, limitar o interrumpir tu uso a nuestra entera discreci\u00f3n.<br>En la m\u00e1xima medida permitida por la ley, en ning\u00fan caso seremos responsables por cualquier p\u00e9rdida o da\u00f1o relacionados.<\/p>\n\n\n\n<h3 class=\"wp-block-heading\">11. <strong>Compromiso<\/strong><\/h3>\n\n\n\n<p>El <strong>Usuario<\/strong> se compromete a hacer un uso correcto de la APP, de conformidad con la Ley, con estos T\u00e9rminos y Condiciones de Uso y con los dem\u00e1s reglamentos e instrucciones que, en su caso, puedan ser aplicables.<br>El Usuario responder\u00e1 ante <strong>SOFTOVI, S.L.<\/strong> y ante terceros por cualquier da\u00f1o o perjuicio que pudiera causarse por el incumplimiento de estas obligaciones.<\/p>\n\n\n\n<p>Es obligaci\u00f3n del <strong>Usuario<\/strong> informar y obtener el consentimiento de sus socios y contactos para el tratamiento de los datos y para poder incorporarlos a la APP.<\/p>\n\n\n\n<hr class=\"wp-block-separator has-alpha-channel-opacity\"\/>\n\n\n\n<h3 class=\"wp-block-heading\">12. <strong>Proceso de contrataci\u00f3n y pago<\/strong><\/h3>\n\n\n\n<p>El proceso de contrataci\u00f3n de la APP se inicia por parte del <strong>Usuario<\/strong> d\u00e1ndose de alta en la APP mediante el formulario de registro.<br>El alta inicial otorga al <strong>Usuario<\/strong> derecho durante un mes a disfrutar del plan seleccionado.<br>As\u00ed, el Usuario decide si desea suscribirse y disfrutar de las ventajas que se ofrecen.<br>Transcurrido este per\u00edodo de prueba y si el Usuario no desea contratar el plan, no podr\u00e1 utilizar todos los servicios que ofrece la APP.<br>Los planes que ofrece la APP est\u00e1n disponibles [aqu\u00ed].<\/p>\n\n\n\n<p>Las cuotas ser\u00e1n anuales. Dan acceso a todos los servicios disponibles en la APP seg\u00fan el plan de servicio elegido.<br>Para darse de baja y no recibir el cobro de la siguiente cuota, es necesario comunicarlo con un mes de antelaci\u00f3n a la finalizaci\u00f3n del a\u00f1o en curso.<br>Hasta que no finalice la anualidad, aunque se haya solicitado la baja, el usuario podr\u00e1 disfrutar de la APP hasta que dicha anualidad termine.<br>El primer pago se realizar\u00e1 al finalizar el per\u00edodo de prueba mediante domiciliaci\u00f3n bancaria, y los pagos siguientes en la misma fecha en los a\u00f1os posteriores.<\/p>\n\n\n\n<p>El pago se realizar\u00e1 mediante domiciliaci\u00f3n bancaria y ser\u00e1 recurrente, por lo que deber\u00e1s completar y aceptar el mandato SEPA que se te enviar\u00e1 por correo electr\u00f3nico una vez transcurrido el per\u00edodo de prueba.<\/p>\n\n\n\n<h3 class=\"wp-block-heading\">13. <strong>Cancelaci\u00f3n del servicio<\/strong><\/h3>\n\n\n\n<p>El <strong>Usuario<\/strong> puede darse de baja en cualquier momento, como muy tarde un mes antes de que finalice la anualidad.<br>Hasta que no finalice el per\u00edodo contratado, aunque se haya dado de baja, el usuario disfrutar\u00e1 de las ventajas como suscriptor de su cuota hasta que el per\u00edodo de suscripci\u00f3n finalice.<\/p>\n\n\n\n<p>Esto conlleva la cancelaci\u00f3n de la cuenta y la imposibilidad de acceder a la aplicaci\u00f3n.<br>Los servicios prestados anteriormente no se ven afectados.<\/p>\n\n\n\n<p>El <strong>Usuario<\/strong> podr\u00e1 cancelar su condici\u00f3n de suscriptor enviando un correo electr\u00f3nico desde su cuenta a <strong><a>admin@gestioentitats.cat<\/a><\/strong>, indicando su voluntad de darse de baja.<\/p>\n\n\n\n<p>Con respecto a los datos, estos se mantendr\u00e1n bloqueados durante el tiempo legalmente establecido, y se seguir\u00e1 lo dispuesto en la pol\u00edtica de privacidad y en la cl\u00e1usula 5 de los presentes t\u00e9rminos y condiciones.<\/p>\n\n\n\n<p>Si el Cliente no realiza el pago dentro de los 15 d\u00edas posteriores a una suspensi\u00f3n temporal, este contrato se resolver\u00e1, causando la baja definitiva del servicio por incumplimiento del contrato por su parte.<br>En este caso, el Cliente tendr\u00e1 derecho a consultar los contenidos alojados en la APP en el momento de la suspensi\u00f3n del servicio.<br>Este derecho deber\u00e1 ejercerse dentro de los 30 d\u00edas posteriores a la suspensi\u00f3n.<br>Una vez transcurrido este plazo, el Proveedor proceder\u00e1 a eliminar todos los contenidos.<\/p>\n\n\n\n<hr class=\"wp-block-separator has-alpha-channel-opacity\"\/>\n\n\n\n<h3 class=\"wp-block-heading\">14. <strong>Fuero<\/strong><\/h3>\n\n\n\n<p>Estos T\u00e9rminos y Condiciones de Uso se rigen \u00edntegramente por la legislaci\u00f3n espa\u00f1ola.<br>Para resolver cualquier conflicto relativo a su interpretaci\u00f3n o aplicaci\u00f3n, el Usuario se somete expresamente a la jurisdicci\u00f3n de los tribunales de <strong>Barcelona (Espa\u00f1a)<\/strong>.<\/p>","protected":false},"excerpt":{"rendered":"<p>1. T\u00e9rminos y Condiciones de Uso Estos T\u00e9rminos y Condiciones de Uso regulan las normas que rigen la utilizaci\u00f3n de la APP GESTI\u00d3 D\u2019ENTITATS (en adelante, la APP), accesible desde el dominio admin.gestioentitats.cat.La APP es titularidad de SOFTOVI, S.L., con CIF B02642809, domicilio en Sant Joan Baptista, 56-58 Bajos 2, Igualada (Barcelona), e inscrita en&hellip; <br \/> <a class=\"read-more\" href=\"https:\/\/gestioentitats.cat\/es\/terminos-y-condiciones-de-uso\/\">Read more<\/a><\/p>","protected":false},"author":1,"featured_media":0,"parent":0,"menu_order":0,"comment_status":"closed","ping_status":"closed","template":"","meta":{"om_disable_all_campaigns":false,"_monsterinsights_skip_tracking":false,"_monsterinsights_sitenote_active":false,"_monsterinsights_sitenote_note":"","_monsterinsights_sitenote_category":0,"footnotes":""},"class_list":["post-166","page","type-page","status-publish","hentry"],"yoast_head":"<!-- This site is optimized with the Yoast SEO plugin v25.3 - https:\/\/yoast.com\/wordpress\/plugins\/seo\/ -->\n<title>Terminos y condiciones de uso - Gesti\u00f3 d&#039;entitats<\/title>\n<meta name=\"robots\" content=\"index, follow, max-snippet:-1, max-image-preview:large, max-video-preview:-1\" \/>\n<link rel=\"canonical\" href=\"https:\/\/gestioentitats.cat\/es\/terminos-y-condiciones-de-uso\/\" \/>\n<meta property=\"og:locale\" content=\"es_ES\" \/>\n<meta property=\"og:type\" content=\"article\" \/>\n<meta property=\"og:title\" content=\"Terminos y condiciones de uso - Gesti\u00f3 d&#039;entitats\" \/>\n<meta property=\"og:description\" content=\"1. T\u00e9rminos y Condiciones de Uso Estos T\u00e9rminos y Condiciones de Uso regulan las normas que rigen la utilizaci\u00f3n de la APP GESTI\u00d3 D\u2019ENTITATS (en adelante, la APP), accesible desde el dominio admin.gestioentitats.cat.La APP es titularidad de SOFTOVI, S.L., con CIF B02642809, domicilio en Sant Joan Baptista, 56-58 Bajos 2, Igualada (Barcelona), e inscrita en&hellip; Read more\" \/>\n<meta property=\"og:url\" content=\"https:\/\/gestioentitats.cat\/es\/terminos-y-condiciones-de-uso\/\" \/>\n<meta property=\"og:site_name\" content=\"Gesti\u00f3 d&#039;entitats\" \/>\n<meta property=\"article:modified_time\" content=\"2025-06-18T09:55:57+00:00\" \/>\n<meta name=\"twitter:card\" content=\"summary_large_image\" \/>\n<meta name=\"twitter:label1\" content=\"Tiempo de lectura\" \/>\n\t<meta name=\"twitter:data1\" content=\"13 minutos\" \/>\n<script type=\"application\/ld+json\" class=\"yoast-schema-graph\">{\"@context\":\"https:\/\/schema.org\",\"@graph\":[{\"@type\":\"WebPage\",\"@id\":\"https:\/\/gestioentitats.cat\/terminos-y-condiciones-de-uso\/\",\"url\":\"https:\/\/gestioentitats.cat\/terminos-y-condiciones-de-uso\/\",\"name\":\"Terminos y condiciones de uso - Gesti\u00f3 d&#039;entitats\",\"isPartOf\":{\"@id\":\"https:\/\/gestioentitats.cat\/#website\"},\"datePublished\":\"2023-08-01T08:41:55+00:00\",\"dateModified\":\"2025-06-18T09:55:57+00:00\",\"breadcrumb\":{\"@id\":\"https:\/\/gestioentitats.cat\/terminos-y-condiciones-de-uso\/#breadcrumb\"},\"inLanguage\":\"es\",\"potentialAction\":[{\"@type\":\"ReadAction\",\"target\":[\"https:\/\/gestioentitats.cat\/terminos-y-condiciones-de-uso\/\"]}]},{\"@type\":\"BreadcrumbList\",\"@id\":\"https:\/\/gestioentitats.cat\/terminos-y-condiciones-de-uso\/#breadcrumb\",\"itemListElement\":[{\"@type\":\"ListItem\",\"position\":1,\"name\":\"Inici\",\"item\":\"https:\/\/gestioentitats.cat\/\"},{\"@type\":\"ListItem\",\"position\":2,\"name\":\"Terminos y condiciones de uso\"}]},{\"@type\":\"WebSite\",\"@id\":\"https:\/\/gestioentitats.cat\/#website\",\"url\":\"https:\/\/gestioentitats.cat\/\",\"name\":\"Gesti\u00f3 d&#039;entitats\",\"description\":\"Una soluci\u00f3 integral per a gestionar el dia a dia de la vostra entitat\",\"publisher\":{\"@id\":\"https:\/\/gestioentitats.cat\/#organization\"},\"potentialAction\":[{\"@type\":\"SearchAction\",\"target\":{\"@type\":\"EntryPoint\",\"urlTemplate\":\"https:\/\/gestioentitats.cat\/?s={search_term_string}\"},\"query-input\":{\"@type\":\"PropertyValueSpecification\",\"valueRequired\":true,\"valueName\":\"search_term_string\"}}],\"inLanguage\":\"es\"},{\"@type\":\"Organization\",\"@id\":\"https:\/\/gestioentitats.cat\/#organization\",\"name\":\"Gesti\u00f3 d&#039;entitats\",\"url\":\"https:\/\/gestioentitats.cat\/\",\"logo\":{\"@type\":\"ImageObject\",\"inLanguage\":\"es\",\"@id\":\"https:\/\/gestioentitats.cat\/#\/schema\/logo\/image\/\",\"url\":\"https:\/\/gestioentitats.cat\/wp-content\/uploads\/2023\/07\/cropped-logo_gran.png\",\"contentUrl\":\"https:\/\/gestioentitats.cat\/wp-content\/uploads\/2023\/07\/cropped-logo_gran.png\",\"width\":4740,\"height\":1383,\"caption\":\"Gesti\u00f3 d&#039;entitats\"},\"image\":{\"@id\":\"https:\/\/gestioentitats.cat\/#\/schema\/logo\/image\/\"}}]}<\/script>\n<!-- \/ Yoast SEO plugin. -->","yoast_head_json":{"title":"Terminos y condiciones de uso - Gesti\u00f3 d&#039;entitats","robots":{"index":"index","follow":"follow","max-snippet":"max-snippet:-1","max-image-preview":"max-image-preview:large","max-video-preview":"max-video-preview:-1"},"canonical":"https:\/\/gestioentitats.cat\/es\/terminos-y-condiciones-de-uso\/","og_locale":"es_ES","og_type":"article","og_title":"Terminos y condiciones de uso - Gesti\u00f3 d&#039;entitats","og_description":"1. T\u00e9rminos y Condiciones de Uso Estos T\u00e9rminos y Condiciones de Uso regulan las normas que rigen la utilizaci\u00f3n de la APP GESTI\u00d3 D\u2019ENTITATS (en adelante, la APP), accesible desde el dominio admin.gestioentitats.cat.La APP es titularidad de SOFTOVI, S.L., con CIF B02642809, domicilio en Sant Joan Baptista, 56-58 Bajos 2, Igualada (Barcelona), e inscrita en&hellip; Read more","og_url":"https:\/\/gestioentitats.cat\/es\/terminos-y-condiciones-de-uso\/","og_site_name":"Gesti\u00f3 d&#039;entitats","article_modified_time":"2025-06-18T09:55:57+00:00","twitter_card":"summary_large_image","twitter_misc":{"Tiempo de lectura":"13 minutos"},"schema":{"@context":"https:\/\/schema.org","@graph":[{"@type":"WebPage","@id":"https:\/\/gestioentitats.cat\/terminos-y-condiciones-de-uso\/","url":"https:\/\/gestioentitats.cat\/terminos-y-condiciones-de-uso\/","name":"Terminos y condiciones de uso - Gesti\u00f3 d&#039;entitats","isPartOf":{"@id":"https:\/\/gestioentitats.cat\/#website"},"datePublished":"2023-08-01T08:41:55+00:00","dateModified":"2025-06-18T09:55:57+00:00","breadcrumb":{"@id":"https:\/\/gestioentitats.cat\/terminos-y-condiciones-de-uso\/#breadcrumb"},"inLanguage":"es","potentialAction":[{"@type":"ReadAction","target":["https:\/\/gestioentitats.cat\/terminos-y-condiciones-de-uso\/"]}]},{"@type":"BreadcrumbList","@id":"https:\/\/gestioentitats.cat\/terminos-y-condiciones-de-uso\/#breadcrumb","itemListElement":[{"@type":"ListItem","position":1,"name":"Inici","item":"https:\/\/gestioentitats.cat\/"},{"@type":"ListItem","position":2,"name":"Terminos y condiciones de uso"}]},{"@type":"WebSite","@id":"https:\/\/gestioentitats.cat\/#website","url":"https:\/\/gestioentitats.cat\/","name":"Gesti\u00f3 d&#039;entitats","description":"Una soluci\u00f3 integral per a gestionar el dia a dia de la vostra entitat","publisher":{"@id":"https:\/\/gestioentitats.cat\/#organization"},"potentialAction":[{"@type":"SearchAction","target":{"@type":"EntryPoint","urlTemplate":"https:\/\/gestioentitats.cat\/?s={search_term_string}"},"query-input":{"@type":"PropertyValueSpecification","valueRequired":true,"valueName":"search_term_string"}}],"inLanguage":"es"},{"@type":"Organization","@id":"https:\/\/gestioentitats.cat\/#organization","name":"Gesti\u00f3 d&#039;entitats","url":"https:\/\/gestioentitats.cat\/","logo":{"@type":"ImageObject","inLanguage":"es","@id":"https:\/\/gestioentitats.cat\/#\/schema\/logo\/image\/","url":"https:\/\/gestioentitats.cat\/wp-content\/uploads\/2023\/07\/cropped-logo_gran.png","contentUrl":"https:\/\/gestioentitats.cat\/wp-content\/uploads\/2023\/07\/cropped-logo_gran.png","width":4740,"height":1383,"caption":"Gesti\u00f3 d&#039;entitats"},"image":{"@id":"https:\/\/gestioentitats.cat\/#\/schema\/logo\/image\/"}}]}},"_links":{"self":[{"href":"https:\/\/gestioentitats.cat\/es\/wp-json\/wp\/v2\/pages\/166","targetHints":{"allow":["GET"]}}],"collection":[{"href":"https:\/\/gestioentitats.cat\/es\/wp-json\/wp\/v2\/pages"}],"about":[{"href":"https:\/\/gestioentitats.cat\/es\/wp-json\/wp\/v2\/types\/page"}],"author":[{"embeddable":true,"href":"https:\/\/gestioentitats.cat\/es\/wp-json\/wp\/v2\/users\/1"}],"replies":[{"embeddable":true,"href":"https:\/\/gestioentitats.cat\/es\/wp-json\/wp\/v2\/comments?post=166"}],"version-history":[{"count":10,"href":"https:\/\/gestioentitats.cat\/es\/wp-json\/wp\/v2\/pages\/166\/revisions"}],"predecessor-version":[{"id":398,"href":"https:\/\/gestioentitats.cat\/es\/wp-json\/wp\/v2\/pages\/166\/revisions\/398"}],"wp:attachment":[{"href":"https:\/\/gestioentitats.cat\/es\/wp-json\/wp\/v2\/media?parent=166"}],"curies":[{"name":"wp","href":"https:\/\/api.w.org\/{rel}","templated":true}]}}